{"id":31524,"date":"2025-07-24T13:02:43","date_gmt":"2025-07-24T10:02:43","guid":{"rendered":"https:\/\/www.indieplace.fi\/?post_type=vaikuttaja&#038;p=31524"},"modified":"2025-07-24T13:02:43","modified_gmt":"2025-07-24T10:02:43","slug":"laura-kiuru","status":"publish","type":"vaikuttaja","link":"https:\/\/www.indieplace.fi\/en\/vaikuttaja\/laura-kiuru\/","title":{"rendered":"Laura Kiuru"},"content":{"rendered":"<p>Laura Kiuru on opettaja sek\u00e4 video- ja valokuvaaja joka tuottaa sis\u00e4lt\u00f6\u00e4 p\u00e4\u00e4osin TikTokiin. Lauran videot ovat rentoja ja huumoripainotteisia, mutta h\u00e4n n\u00e4ytt\u00e4\u00e4 usein my\u00f6s herk\u00e4n puolensa ja uskaltaa puhua vaikeistakin aiheista. Lauran asenne el\u00e4m\u00e4\u00e4n on positiivinen ja pirte\u00e4, ja varsinkin h\u00e4nen nuori yleis\u00f6ns\u00e4 pit\u00e4\u00e4 h\u00e4nt\u00e4 esikuvanaan<\/p>\n<p><span style=\"color: #cc99ff;\"><a style=\"color: #cc99ff;\" href=\"https:\/\/www.instagram.com\/laurakiuru\/\">Tutustu Instagramiin &gt;<\/a><\/span><\/p>\n<p><span style=\"color: #cc99ff;\"><a style=\"color: #cc99ff;\" href=\"https:\/\/www.tiktok.com\/@kiurulaura\">Tutustu TikTokiin &gt;<\/a><\/span><\/p>","protected":false},"featured_media":31525,"template":"","class_list":["post-31524","vaikuttaja","type-vaikuttaja","status-publish","has-post-thumbnail","hentry"],"yoast_head":"<!-- This site is optimized with the Yoast SEO plugin v26.6 - https:\/\/yoast.com\/wordpress\/plugins\/seo\/ -->\n<title>Laura Kiuru - Indieplace<\/title>\n<meta name=\"robots\" content=\"index, follow, max-snippet:-1, max-image-preview:large, max-video-preview:-1\" \/>\n<link rel=\"canonical\" href=\"https:\/\/www.indieplace.fi\/en\/vaikuttaja\/laura-kiuru\/\" \/>\n<meta property=\"og:locale\" content=\"en_GB\" \/>\n<meta property=\"og:type\" content=\"article\" \/>\n<meta property=\"og:title\" content=\"Laura Kiuru - Indieplace\" \/>\n<meta property=\"og:description\" content=\"Laura Kiuru on opettaja sek\u00e4 video- ja valokuvaaja joka tuottaa sis\u00e4lt\u00f6\u00e4 p\u00e4\u00e4osin TikTokiin. Lauran videot ovat rentoja ja huumoripainotteisia, mutta h\u00e4n n\u00e4ytt\u00e4\u00e4 usein my\u00f6s herk\u00e4n puolensa ja uskaltaa puhua vaikeistakin aiheista. Lauran asenne el\u00e4m\u00e4\u00e4n on positiivinen ja pirte\u00e4, ja varsinkin h\u00e4nen nuori yleis\u00f6ns\u00e4 pit\u00e4\u00e4 h\u00e4nt\u00e4 esikuvanaan Tutustu Instagramiin &gt; Tutustu TikTokiin &gt;\" \/>\n<meta property=\"og:url\" content=\"https:\/\/www.indieplace.fi\/en\/vaikuttaja\/laura-kiuru\/\" \/>\n<meta property=\"og:site_name\" content=\"Indieplace\" \/>\n<meta property=\"og:image\" content=\"https:\/\/www.indieplace.fi\/wp-content\/uploads\/2025\/07\/thumbnail_WhatsApp-Image-2025-06-24-at-23.13.36.jpg\" \/>\n\t<meta property=\"og:image:width\" content=\"1920\" \/>\n\t<meta property=\"og:image:height\" content=\"2399\" \/>\n\t<meta property=\"og:image:type\" content=\"image\/jpeg\" \/>\n<meta name=\"twitter:card\" content=\"summary_large_image\" \/>\n<meta name=\"twitter:label1\" content=\"Estimated reading time\" \/>\n\t<meta name=\"twitter:data1\" content=\"1 minute\" \/>\n<script type=\"application\/ld+json\" class=\"yoast-schema-graph\">{\"@context\":\"https:\/\/schema.org\",\"@graph\":[{\"@type\":\"WebPage\",\"@id\":\"https:\/\/www.indieplace.fi\/vaikuttaja\/laura-kiuru\/\",\"url\":\"https:\/\/www.indieplace.fi\/vaikuttaja\/laura-kiuru\/\",\"name\":\"Laura Kiuru - Indieplace\",\"isPartOf\":{\"@id\":\"https:\/\/www.indieplace.fi\/#website\"},\"primaryImageOfPage\":{\"@id\":\"https:\/\/www.indieplace.fi\/vaikuttaja\/laura-kiuru\/#primaryimage\"},\"image\":{\"@id\":\"https:\/\/www.indieplace.fi\/vaikuttaja\/laura-kiuru\/#primaryimage\"},\"thumbnailUrl\":\"https:\/\/www.indieplace.fi\/wp-content\/uploads\/2025\/07\/thumbnail_WhatsApp-Image-2025-06-24-at-23.13.36.jpg\",\"datePublished\":\"2025-07-24T10:02:43+00:00\",\"breadcrumb\":{\"@id\":\"https:\/\/www.indieplace.fi\/vaikuttaja\/laura-kiuru\/#breadcrumb\"},\"inLanguage\":\"en-GB\",\"potentialAction\":[{\"@type\":\"ReadAction\",\"target\":[\"https:\/\/www.indieplace.fi\/vaikuttaja\/laura-kiuru\/\"]}]},{\"@type\":\"ImageObject\",\"inLanguage\":\"en-GB\",\"@id\":\"https:\/\/www.indieplace.fi\/vaikuttaja\/laura-kiuru\/#primaryimage\",\"url\":\"https:\/\/www.indieplace.fi\/wp-content\/uploads\/2025\/07\/thumbnail_WhatsApp-Image-2025-06-24-at-23.13.36.jpg\",\"contentUrl\":\"https:\/\/www.indieplace.fi\/wp-content\/uploads\/2025\/07\/thumbnail_WhatsApp-Image-2025-06-24-at-23.13.36.jpg\",\"width\":1920,\"height\":2399},{\"@type\":\"BreadcrumbList\",\"@id\":\"https:\/\/www.indieplace.fi\/vaikuttaja\/laura-kiuru\/#breadcrumb\",\"itemListElement\":[{\"@type\":\"ListItem\",\"position\":1,\"name\":\"Home\",\"item\":\"https:\/\/www.indieplace.fi\/\"},{\"@type\":\"ListItem\",\"position\":2,\"name\":\"Laura Kiuru\"}]},{\"@type\":\"WebSite\",\"@id\":\"https:\/\/www.indieplace.fi\/#website\",\"url\":\"https:\/\/www.indieplace.fi\/\",\"name\":\"Indieplace\",\"description\":\"Indieplacen uusimmat kuulumiset. Lue ja pysy k\u00e4rryill\u00e4 some-ja vaikuttajamarkkinoinnin ajankohtaisista asioista.\",\"publisher\":{\"@id\":\"https:\/\/www.indieplace.fi\/#organization\"},\"potentialAction\":[{\"@type\":\"SearchAction\",\"target\":{\"@type\":\"EntryPoint\",\"urlTemplate\":\"https:\/\/www.indieplace.fi\/?s={search_term_string}\"},\"query-input\":{\"@type\":\"PropertyValueSpecification\",\"valueRequired\":true,\"valueName\":\"search_term_string\"}}],\"inLanguage\":\"en-GB\"},{\"@type\":\"Organization\",\"@id\":\"https:\/\/www.indieplace.fi\/#organization\",\"name\":\"Indieplace\",\"url\":\"https:\/\/www.indieplace.fi\/\",\"logo\":{\"@type\":\"ImageObject\",\"inLanguage\":\"en-GB\",\"@id\":\"https:\/\/www.indieplace.fi\/#\/schema\/logo\/image\/\",\"url\":\"https:\/\/www.indieplace.fi\/wp-content\/uploads\/2021\/01\/cropped-indieplace-logo-circle-white-e1666243724993.png\",\"contentUrl\":\"https:\/\/www.indieplace.fi\/wp-content\/uploads\/2021\/01\/cropped-indieplace-logo-circle-white-e1666243724993.png\",\"width\":300,\"height\":257,\"caption\":\"Indieplace\"},\"image\":{\"@id\":\"https:\/\/www.indieplace.fi\/#\/schema\/logo\/image\/\"},\"sameAs\":[\"https:\/\/www.instagram.com\/indieplace\/\"]}]}<\/script>\n<!-- \/ Yoast SEO plugin. -->","yoast_head_json":{"title":"Laura Kiuru - Indieplace","robots":{"index":"index","follow":"follow","max-snippet":"max-snippet:-1","max-image-preview":"max-image-preview:large","max-video-preview":"max-video-preview:-1"},"canonical":"https:\/\/www.indieplace.fi\/en\/vaikuttaja\/laura-kiuru\/","og_locale":"en_GB","og_type":"article","og_title":"Laura Kiuru - Indieplace","og_description":"Laura Kiuru on opettaja sek\u00e4 video- ja valokuvaaja joka tuottaa sis\u00e4lt\u00f6\u00e4 p\u00e4\u00e4osin TikTokiin. Lauran videot ovat rentoja ja huumoripainotteisia, mutta h\u00e4n n\u00e4ytt\u00e4\u00e4 usein my\u00f6s herk\u00e4n puolensa ja uskaltaa puhua vaikeistakin aiheista. Lauran asenne el\u00e4m\u00e4\u00e4n on positiivinen ja pirte\u00e4, ja varsinkin h\u00e4nen nuori yleis\u00f6ns\u00e4 pit\u00e4\u00e4 h\u00e4nt\u00e4 esikuvanaan Tutustu Instagramiin &gt; Tutustu TikTokiin &gt;","og_url":"https:\/\/www.indieplace.fi\/en\/vaikuttaja\/laura-kiuru\/","og_site_name":"Indieplace","og_image":[{"width":1920,"height":2399,"url":"https:\/\/www.indieplace.fi\/wp-content\/uploads\/2025\/07\/thumbnail_WhatsApp-Image-2025-06-24-at-23.13.36.jpg","type":"image\/jpeg"}],"twitter_card":"summary_large_image","twitter_misc":{"Estimated reading time":"1 minute"},"schema":{"@context":"https:\/\/schema.org","@graph":[{"@type":"WebPage","@id":"https:\/\/www.indieplace.fi\/vaikuttaja\/laura-kiuru\/","url":"https:\/\/www.indieplace.fi\/vaikuttaja\/laura-kiuru\/","name":"Laura Kiuru - Indieplace","isPartOf":{"@id":"https:\/\/www.indieplace.fi\/#website"},"primaryImageOfPage":{"@id":"https:\/\/www.indieplace.fi\/vaikuttaja\/laura-kiuru\/#primaryimage"},"image":{"@id":"https:\/\/www.indieplace.fi\/vaikuttaja\/laura-kiuru\/#primaryimage"},"thumbnailUrl":"https:\/\/www.indieplace.fi\/wp-content\/uploads\/2025\/07\/thumbnail_WhatsApp-Image-2025-06-24-at-23.13.36.jpg","datePublished":"2025-07-24T10:02:43+00:00","breadcrumb":{"@id":"https:\/\/www.indieplace.fi\/vaikuttaja\/laura-kiuru\/#breadcrumb"},"inLanguage":"en-GB","potentialAction":[{"@type":"ReadAction","target":["https:\/\/www.indieplace.fi\/vaikuttaja\/laura-kiuru\/"]}]},{"@type":"ImageObject","inLanguage":"en-GB","@id":"https:\/\/www.indieplace.fi\/vaikuttaja\/laura-kiuru\/#primaryimage","url":"https:\/\/www.indieplace.fi\/wp-content\/uploads\/2025\/07\/thumbnail_WhatsApp-Image-2025-06-24-at-23.13.36.jpg","contentUrl":"https:\/\/www.indieplace.fi\/wp-content\/uploads\/2025\/07\/thumbnail_WhatsApp-Image-2025-06-24-at-23.13.36.jpg","width":1920,"height":2399},{"@type":"BreadcrumbList","@id":"https:\/\/www.indieplace.fi\/vaikuttaja\/laura-kiuru\/#breadcrumb","itemListElement":[{"@type":"ListItem","position":1,"name":"Home","item":"https:\/\/www.indieplace.fi\/"},{"@type":"ListItem","position":2,"name":"Laura Kiuru"}]},{"@type":"WebSite","@id":"https:\/\/www.indieplace.fi\/#website","url":"https:\/\/www.indieplace.fi\/","name":"Indieplace","description":"Indieplacen uusimmat kuulumiset. Lue ja pysy k\u00e4rryill\u00e4 some-ja vaikuttajamarkkinoinnin ajankohtaisista asioista.","publisher":{"@id":"https:\/\/www.indieplace.fi\/#organization"},"potentialAction":[{"@type":"SearchAction","target":{"@type":"EntryPoint","urlTemplate":"https:\/\/www.indieplace.fi\/?s={search_term_string}"},"query-input":{"@type":"PropertyValueSpecification","valueRequired":true,"valueName":"search_term_string"}}],"inLanguage":"en-GB"},{"@type":"Organization","@id":"https:\/\/www.indieplace.fi\/#organization","name":"Indieplace","url":"https:\/\/www.indieplace.fi\/","logo":{"@type":"ImageObject","inLanguage":"en-GB","@id":"https:\/\/www.indieplace.fi\/#\/schema\/logo\/image\/","url":"https:\/\/www.indieplace.fi\/wp-content\/uploads\/2021\/01\/cropped-indieplace-logo-circle-white-e1666243724993.png","contentUrl":"https:\/\/www.indieplace.fi\/wp-content\/uploads\/2021\/01\/cropped-indieplace-logo-circle-white-e1666243724993.png","width":300,"height":257,"caption":"Indieplace"},"image":{"@id":"https:\/\/www.indieplace.fi\/#\/schema\/logo\/image\/"},"sameAs":["https:\/\/www.instagram.com\/indieplace\/"]}]}},"_links":{"self":[{"href":"https:\/\/www.indieplace.fi\/en\/wp-json\/wp\/v2\/vaikuttaja\/31524","targetHints":{"allow":["GET"]}}],"collection":[{"href":"https:\/\/www.indieplace.fi\/en\/wp-json\/wp\/v2\/vaikuttaja"}],"about":[{"href":"https:\/\/www.indieplace.fi\/en\/wp-json\/wp\/v2\/types\/vaikuttaja"}],"wp:featuredmedia":[{"embeddable":true,"href":"https:\/\/www.indieplace.fi\/en\/wp-json\/wp\/v2\/media\/31525"}],"wp:attachment":[{"href":"https:\/\/www.indieplace.fi\/en\/wp-json\/wp\/v2\/media?parent=31524"}],"curies":[{"name":"wp","href":"https:\/\/api.w.org\/{rel}","templated":true}]}}